{"id":395,"date":"2019-04-16T19:42:43","date_gmt":"2019-04-16T19:42:43","guid":{"rendered":"http:\/\/localhost:8888\/?page_id=395"},"modified":"2026-03-10T15:00:13","modified_gmt":"2026-03-10T14:00:13","slug":"4-evfolyamos-kepzes-tajekoztato","status":"publish","type":"page","link":"https:\/\/kosztolanyigimnazium.hu\/?page_id=395","title":{"rendered":"4 \u00e9vfolyamos k\u00e9pz\u00e9s &#8211; T\u00e1j\u00e9koztat\u00f3"},"content":{"rendered":"\n<h2 class=\"wp-block-heading\"><strong>Kosztol\u00e1nyi Dezs\u0151 Gimn\u00e1zium<\/strong><\/h2>\n\n\n\n<p class=\"has-text-align-right\">1012 Budapest, Attila \u00fat 135-137.<br>OM azonos\u00edt\u00f3: 035344<br>Feladatell\u00e1t\u00e1si hely k\u00f3dja: 002<br><strong>Tel: 375-22-82, 06-20-4333-833<\/strong><br><strong>Int\u00e9zm\u00e9nyvezet\u0151: Bodor Eszter<\/strong><\/p>\n\n\n\n<figure class=\"wp-block-image\"><img loading=\"lazy\" decoding=\"async\" width=\"1024\" height=\"683\" src=\"https:\/\/kosztolanyigimnazium.hu\/wp-content\/uploads\/2019\/09\/69751285_2237434803051067_7779307549794238464_o-1024x683.jpg\" alt=\"Padl\u00f3 c\u00edmer\" class=\"wp-image-1360\" srcset=\"https:\/\/kosztolanyigimnazium.hu\/wp-content\/uploads\/2019\/09\/69751285_2237434803051067_7779307549794238464_o-1024x683.jpg 1024w, https:\/\/kosztolanyigimnazium.hu\/wp-content\/uploads\/2019\/09\/69751285_2237434803051067_7779307549794238464_o-300x200.jpg 300w, https:\/\/kosztolanyigimnazium.hu\/wp-content\/uploads\/2019\/09\/69751285_2237434803051067_7779307549794238464_o-768x512.jpg 768w, https:\/\/kosztolanyigimnazium.hu\/wp-content\/uploads\/2019\/09\/69751285_2237434803051067_7779307549794238464_o-360x240.jpg 360w, https:\/\/kosztolanyigimnazium.hu\/wp-content\/uploads\/2019\/09\/69751285_2237434803051067_7779307549794238464_o.jpg 1944w\" sizes=\"auto, (max-width: 1024px) 100vw, 1024px\" \/><figcaption class=\"wp-element-caption\">Az iskola jelk\u00e9pe<\/figcaption><\/figure>\n\n\n\n<p>Int\u00e9zm\u00e9ny\u00fcnk az E\u00f6tv\u00f6s Lor\u00e1nd Tudom\u00e1nyegyetem gyakorl\u00f3helye, a Testnevel\u00e9si Egyetem, valamint a K\u00e1roli G\u00e1sp\u00e1r Reform\u00e1tus Egyetem \u00e9s az Eszterh\u00e1zy K\u00e1roly F\u0151iskola partneriskol\u00e1ja, pedag\u00f3giai-szakmai Mentor\u00e1l\u00f3 Int\u00e9zm\u00e9ny, Kiv\u00e1l\u00f3 Akkredit\u00e1lt Tehets\u00e9gpont, \u00d6koiskola, Boldog Iskola.<\/p>\n\n\n\n<figure class=\"wp-block-image size-large\"><img loading=\"lazy\" decoding=\"async\" width=\"1024\" height=\"470\" src=\"https:\/\/kosztolanyigimnazium.hu\/wp-content\/uploads\/2019\/04\/kdg-kepek-oldal-logo-okoiskola-jelveny-1024x470.png\" alt=\"\u00d6KO Logo\" class=\"wp-image-335\"\/><figcaption class=\"wp-element-caption\">\u00d6KO Logo<\/figcaption><\/figure>\n\n\n\n<p>Hagyom\u00e1nyos nyolc \u00e9vfolyamos k\u00e9pz\u00e9s\u00fcnk mellett \u2013 a megn\u00f6vekedett tanul\u00f3i \u00e9s sz\u00fcl\u0151i ig\u00e9nyek miatt \u2013 n\u00e9gy \u00e9vvel ezel\u0151tt&nbsp;<strong>n\u00e9gy \u00e9vfolyamos gimn\u00e1ziumi tagozat<\/strong>&nbsp;ki\u00e9p\u00edt\u00e9s\u00e9t kezdt\u00fck meg. C\u00e9lunk, hogy \u00e9rt\u00e9k\u00e1ll\u00f3 tud\u00e1ssal felk\u00e9sz\u00edts\u00fck tanul\u00f3inkat a k\u00e9tszint\u0171 \u00e9retts\u00e9gire, a fels\u0151oktat\u00e1sban val\u00f3 tov\u00e1bbtanul\u00e1sra, valamint a t\u00e1rsadalomba \u00e9s a munka vil\u00e1g\u00e1ba val\u00f3 kil\u00e9p\u00e9sre \u00fagy, hogy rendelkezzenek az ahhoz sz\u00fcks\u00e9ges korszer\u0171, gyakorlatorient\u00e1lt kompetenci\u00e1kkal.<\/p>\n\n\n\n<h2 class=\"wp-block-heading\"><strong>Tisztelt Sz\u00fcl\u0151k! Kedves Nyolcadikosok!<\/strong><\/h2>\n\n\n\n<p>Az indul\u00f3 9. \u00e9vfolyamra (egy oszt\u00e1lyt ind\u00edtunk) jelentkez\u0151 tanul\u00f3k az Oktat\u00e1si Hivatal honlapj\u00e1r\u00f3l let\u00f6lthet\u0151 \u2013 vagy az iskola port\u00e1j\u00e1n \u00e1tvehet\u0151&nbsp;\u2013 JELENTKEZ\u00c9SI LAP int\u00e9zm\u00e9ny\u00fcnkbe val\u00f3 megk\u00fcld\u00e9s\u00e9vel jelentkezhetnek hozz\u00e1nk.<\/p>\n\n\n\n<p><strong>Az oszt\u00e1ly tagozatk\u00f3djai: 0004 \u00e9s 0005<\/strong><\/p>\n\n\n\n<p><strong>Az oszt\u00e1ly profilja:<\/strong><\/p>\n\n\n\n<ul class=\"wp-block-list\">\n<li>v\u00e1laszthat\u00f3 emelt szint\u0171 T\u00d6RT\u00c9NELEM-T\u00c1RSADALOMTUDOM\u00c1NYI, vagy TERM\u00c9SZETTUDOM\u00c1NYI orient\u00e1ci\u00f3, mely a n\u00e9gy \u00e9vfolyamon \u00e1t\u00edvel,<\/li>\n\n\n\n<li>emelt \u00f3rasz\u00e1m\u00fa idegen nyelvi k\u00e9pz\u00e9s,<\/li>\n\n\n\n<li>\u00f6sszess\u00e9g\u00e9ben magasabb \u00f3rasz\u00e1m\u00fa matematika- \u00e9s informatikaoktat\u00e1s.<\/li>\n<\/ul>\n\n\n\n<figure class=\"wp-block-table aligncenter has-subtle-pale-blue-background-color has-background is-style-stripes\"><table><tbody><tr><td><strong>0004<\/strong><br>A t\u00f6rt\u00e9nelem-t\u00e1rsadalomtudom\u00e1nyi orient\u00e1ci\u00f3t azoknak a fiataloknak aj\u00e1nljuk, akik szeretik a t\u00f6rt\u00e9nelmet, \u00e9s \u00e9rdekl\u0151dnek a t\u00e1rsadalom m\u0171k\u00f6d\u00e9se ir\u00e1nt, valamint szeretn\u00e9nek t\u00e1j\u00e9kozottnak lenni a jogi \u00e9s p\u00e9nz\u00fcgyi vil\u00e1gban.<\/td><td><strong>0005<\/strong><br>A term\u00e9szettudom\u00e1nyi orient\u00e1ci\u00f3ra azokat a tanul\u00f3kat v\u00e1rjuk, akik szeretnek megfigyelni, k\u00eds\u00e9rletezni, \u00e9rdekl\u0151dnek a k\u00f6rnyezetv\u00e9delem \u00e9s a korszer\u0171 energiagazd\u00e1lkod\u00e1s, a fenntarthat\u00f3 fejl\u0151d\u00e9s ir\u00e1nt.<\/td><\/tr><\/tbody><\/table><\/figure>\n\n\n\n<p>Az oszt\u00e1ly tanul\u00f3i \u2013 orient\u00e1ci\u00f3s v\u00e1laszt\u00e1sukt\u00f3l f\u00fcggetlen\u00fcl \u2013 csoportbont\u00e1sban tanulj\u00e1k emelt \u00f3rasz\u00e1mban az els\u0151 idegen nyelvet (angol) kezd\u0151 \u00e9s halad\u00f3 szinten egyar\u00e1nt, \u00e9s az informatik\u00e1t. M\u00e1sodik idegen nyelvk\u00e9nt n\u00e9met, spanyol, olasz vagy francia nyelv v\u00e1laszthat\u00f3.<\/p>\n\n\n\n<p><strong><em>Ny\u00edlt napokat tartunk, melyekre az el\u0151zetes regisztr\u00e1ci\u00f3 a honlapon kereszt\u00fcl el\u00e9rhet\u0151.<\/em><\/strong><\/p>\n\n\n\n<h3 class=\"wp-block-heading\"><strong>Sz\u00fcl\u0151i t\u00e1j\u00e9koztat\u00f3:<\/strong><\/h3>\n\n\n\n<p><strong>Az \u00e9rdekl\u0151d\u0151 di\u00e1kok \u00e9s sz\u00fcleik sz\u00e1m\u00e1ra k\u00e9t alkalommal tartunk igazgat\u00f3i t\u00e1j\u00e9koztat\u00f3t<\/strong>.<\/p>\n\n\n\n<h4 class=\"wp-block-heading\"><strong>FELV\u00c9TELI ELJ\u00c1R\u00c1S<\/strong><\/h4>\n\n\n\n<p>A&nbsp;<strong>0005<\/strong>-\u00f6s tagozat&nbsp;<strong>term\u00e9szettudom\u00e1nyos\/ a 0004<\/strong>-es<strong>&nbsp;t\u00e1rsadalomtudom\u00e1nyos orient\u00e1ci\u00f3j\u00fa k\u00e9pz\u00e9st<\/strong>&nbsp;takar, amelyre&nbsp;<strong>a k\u00f6zponti \u00edr\u00e1sbeli felv\u00e9teli vizsga meg\u00edr\u00e1s\u00e1val \u00e9s a sz\u00f3beli felv\u00e9teli vizsg\u00e1n val\u00f3 r\u00e9szv\u00e9tellel<\/strong>&nbsp;lehet beker\u00fclni.&nbsp;<\/p>\n\n\n\n<p>A jelentkez\u00e9si laphoz k\u00f6telez\u0151en k\u00e9rj\u00fck csatolni&nbsp;<\/p>\n\n\n\n<ul class=\"wp-block-list\">\n<li>a k\u00f6zponti \u00edr\u00e1sbeli eredm\u00e9nyeit tartalmaz\u00f3 \u00c9rt\u00e9kel\u0151 lap f\u00e9nym\u00e1solat\u00e1t,&nbsp;<\/li>\n\n\n\n<li>SNI-s, BTM-es jelentkez\u0151 eset\u00e9n a szak\u00e9rt\u0151i bizotts\u00e1g \u2013 a felv\u00e9teli elj\u00e1r\u00e1s id\u0151szak\u00e1ban \u00e9rv\u00e9nyes &#8211; szakv\u00e9lem\u00e9ny\u00e9nek m\u00e1solat\u00e1t, valamint az annak figyelembe v\u00e9tel\u00e9t kezdem\u00e9nyez\u0151 sz\u00fcl\u0151i k\u00e9relmet.<\/li>\n<\/ul>\n\n\n\n<p><strong>Az eredm\u00e9nyekr\u0151l val\u00f3 t\u00e1j\u00e9koztat\u00e1s az oktat\u00e1si azonos\u00edt\u00f3, vagy \u2013 k\u00e9r\u00e9sre &#8211; jelige haszn\u00e1lat\u00e1val t\u00f6rt\u00e9nik.&nbsp;<\/strong><\/p>\n\n\n\n<h4 class=\"wp-block-heading\"><strong>A pontsz\u00e1m\u00edt\u00e1s m\u00f3dja:<\/strong><\/h4>\n\n\n\n<p><strong>Az egyes vizsgar\u00e9szek ar\u00e1nya:&nbsp;<\/strong><\/p>\n\n\n\n<ol class=\"wp-block-list\">\n<li>k\u00f6zponti \u00edr\u00e1sbeli vizsga (100 pont)<\/li>\n\n\n\n<li>sz\u00f3beli felv\u00e9teli vizsga (50 pont)<\/li>\n\n\n\n<li>\u00e1ltal\u00e1nos iskolai tanulm\u00e1nyi eredm\u00e9nyek (50 pont) a 7. oszt\u00e1ly \u00e9v v\u00e9gi \u00e9s 8. oszt\u00e1ly f\u00e9l\u00e9vi eredm\u00e9nyei alapj\u00e1n a k\u00f6vetkez\u0151 tant\u00e1rgyakb\u00f3l\n<ul class=\"wp-block-list\">\n<li>magyar nyelv \u00e9s irodalom<\/li>\n\n\n\n<li>t\u00f6rt\u00e9nelem<\/li>\n\n\n\n<li>matematika<\/li>\n\n\n\n<li>idegen nyelv<\/li>\n\n\n\n<li>f\u00f6ldrajz vagy fizika (a jobb oszt\u00e1lyzat ker\u00fcl besz\u00e1m\u00edt\u00e1sra)<\/li>\n<\/ul>\n<\/li>\n<\/ol>\n\n\n\n<h4 class=\"wp-block-heading\"><strong>K\u00f6zponti \u00edr\u00e1sbeli vizsga:<\/strong><\/h4>\n\n\n\n<p>Jelentkez\u00e9s a k\u00f6zponti \u00edr\u00e1sbeli vizsg\u00e1ra jelentkez\u00e9si lappal t\u00f6rt\u00e9nik, melynek be kell \u00e9rkezni hat\u00e1rid\u0151re az int\u00e9zm\u00e9ny\u00fcnkbe. (A k\u00f6zponti \u00edr\u00e1sbeli vizsg\u00e1t a hozz\u00e1nk felv\u00e9teliz\u0151k m\u00e1s int\u00e9zm\u00e9nyben is meg\u00edrhatj\u00e1k.)<\/p>\n\n\n\n<h4 class=\"wp-block-heading\"><strong>Sz\u00f3beli felv\u00e9teli vizsga<\/strong><strong>:<\/strong><\/h4>\n\n\n\n<p>A helyi sz\u00f3beli vizsg\u00e1t az id\u0151rendben beh\u00edvott 8. \u00e9vfolyamos felv\u00e9teliz\u0151k felv\u00e9teli bizotts\u00e1g el\u0151tt teljes\u00edtik. A felv\u00e9teli bizotts\u00e1g(ok) pedag\u00f3gusai legfeljebb 15 perces besz\u00e9lget\u00e9s form\u00e1j\u00e1ban ismerkednek meg a felv\u00e9teliz\u0151 szem\u00e9lyis\u00e9g\u00e9vel, \u00e9rt\u00e9kelik<strong>&nbsp;<\/strong>az \u00e1ltal\u00e1nos iskolai ismeretanyagra \u00e9p\u00edtve a tanul\u00f3 t\u00e1rsadalomtudom\u00e1nyi (t\u00f6rt\u00e9nelem) \u00e9s term\u00e9szettudom\u00e1nyi (fizika, k\u00e9mia, biol\u00f3gia) probl\u00e9mamegold\u00f3, \u00e9rvel\u0151 k\u00e9szs\u00e9g\u00e9t, kommunik\u00e1ci\u00f3s k\u00e9szs\u00e9g\u00e9t \u00e9s \u00e1ltal\u00e1nos m\u0171velts\u00e9g\u00e9t.<\/p>\n\n\n\n<p>A vizsga r\u00e9szei:&nbsp;<\/p>\n\n\n\n<p>A honlapunkon nyilv\u00e1noss\u00e1gra hozott t\u00e9mak\u00f6r\u00f6k alapj\u00e1n:&nbsp;<\/p>\n\n\n\n<ul class=\"wp-block-list\">\n<li>0004&nbsp;&nbsp;T\u00f6rt\u00e9nelmi forr\u00e1ssz\u00f6veg \u00e9rtelmez\u00e9se a hozz\u00e1 kapcsol\u00f3d\u00f3 kreat\u00edv sz\u00f6vegalkot\u00e1si feladat seg\u00edts\u00e9g\u00e9vel (pl. v\u00e9lem\u00e9nyalkot\u00e1s, \u00e9rvel\u00e9s)&nbsp;<\/li>\n\n\n\n<li>0005 Term\u00e9szettudom\u00e1nyos probl\u00e9mamegold\u00f3 feladat a fizika, k\u00e9mia, biol\u00f3gia tant\u00e1rgyak alapismereteib\u0151l&nbsp;<\/li>\n<\/ul>\n\n\n\n<p>Felk\u00e9sz\u00fcl\u00e9si id\u0151 15 perc. Feleletid\u0151: 10-15 perc.<\/p>\n\n\n\n<p>Aki mindk\u00e9t tanulm\u00e1nyi ter\u00fcletre jelentkezett, a jelentkez\u00e9si lapon a megjegyz\u00e9s rovatban jel\u00f6lje meg, melyikb\u0151l k\u00edv\u00e1n vizsg\u00e1zni!<\/p>\n\n\n\n<p><strong>Erre az alkalomra k\u00e9rj\u00fck a di\u00e1kokat, hogy hozz\u00e1k magukkal:<\/strong><\/p>\n\n\n\n<ul class=\"wp-block-list\">\n<li><strong>szem\u00e9lyi igazolv\u00e1nyukat \/ di\u00e1kigazolv\u00e1nyukat<\/strong><\/li>\n\n\n\n<li><strong>ellen\u0151rz\u0151 k\u00f6nyv\u00fcket\/elektronikus napl\u00f3 kivonat\u00e1t (m\u00e1solat elegend\u0151)<\/strong><\/li>\n\n\n\n<li><strong>8. oszt\u00e1lyos f\u00fczeteiket (magyar, matematika \u00e9s egy szabadon v\u00e1lasztott)<\/strong><\/li>\n<\/ul>\n\n\n\n<p><\/p>\n\n\n\n<p><strong>SNI:<\/strong><strong>&nbsp;<\/strong>Ha a saj\u00e1tos nevel\u00e9si ig\u00e9ny\u0171 (SNI) tanul\u00f3 a szak\u00e9rt\u0151i v\u00e9lem\u00e9ny\u00e9ben foglaltak alapj\u00e1n valamely t\u00e1rgyb\u00f3l mentes\u00fcl a k\u00f6zponti \u00edr\u00e1sbeli vizsg\u00e1n val\u00f3 r\u00e9szv\u00e9tel al\u00f3l, a vizsg\u00e1n meg\u00edrt tant\u00e1rgyb\u00f3l el\u00e9rt pontsz\u00e1m\u00e1t dupl\u00e1zzuk.&nbsp;<\/p>\n\n\n\n<p>Ha a tanul\u00f3 teljes\u00edtm\u00e9ny\u00e9t szak\u00e9rt\u0151i v\u00e9lem\u00e9ny alapj\u00e1n az \u00e1ltal\u00e1nos iskol\u00e1ban valamely besz\u00e1m\u00edtand\u00f3 t\u00e1rgyb\u00f3l nem \u00e9rt\u00e9kelt\u00e9k, a hozott pontjait a t\u00f6bbi t\u00e1rgy oszt\u00e1lyzataib\u00f3l ar\u00e1nyos\u00edt\u00e1ssal \u00e1llap\u00edtjuk meg.<\/p>\n\n\n\n<h4 class=\"wp-block-heading\"><strong>Rangsorol\u00e1s pontazonoss\u00e1g eset\u00e9n:<\/strong><\/h4>\n\n\n\n<p>Ha a tanul\u00f3 (b\u00e1rmely tagozatra) teljes\u00edtette a felv\u00e9teli k\u00f6vetelm\u00e9nyeket, az azonos teljes\u00edtm\u00e9nyt el\u00e9rt tanul\u00f3k k\u00f6z\u00fcl a rangsor elk\u00e9sz\u00edt\u00e9s\u00e9n\u00e9l el\u0151nyben r\u00e9szes\u00edtj\u00fck sorrendben<\/p>\n\n\n\n<ol class=\"wp-block-list\">\n<li>a halmozottan h\u00e1tr\u00e1nyos helyzet\u0171 tanul\u00f3t,<\/li>\n\n\n\n<li>azt a tanul\u00f3t, akinek lak\u00f3helye, ennek hi\u00e1ny\u00e1ban tart\u00f3zkod\u00e1si helye a K\u00f6z\u00e9p-Budai Tanker\u00fclet ter\u00fclet\u00e9n tal\u00e1lhat\u00f3 (az I. ker\u00fcletben, ill. a II. \u00e9s XII. ker\u00fcletben.)<\/li>\n\n\n\n<li>azt a tanul\u00f3t, akinek testv\u00e9re az iskola jelenlegi di\u00e1kja, akinek sz\u00fcl\u0151je, gondvisel\u0151je az iskola tanul\u00f3ja volt, vagy a K\u00f6z\u00e9p-Budai Tanker\u00fclet ter\u00fclet\u00e9n van a munkahelye<\/li>\n\n\n\n<li>azt a tanul\u00f3t, akinek orsz\u00e1gos tanulm\u00e1nyi versenyeredm\u00e9nye van.<\/li>\n<\/ol>\n\n\n\n<p><strong>Ny\u00edlt napjainkra \u00e9s a sz\u00fcl\u0151i t\u00e1j\u00e9koztat\u00f3kra minden \u00e9rdekl\u0151d\u0151t szeretettel v\u00e1runk,&nbsp;a felv\u00e9teli vizsg\u00e1hoz sok sikert k\u00edv\u00e1nunk!<\/strong><\/p>\n\n\n\n<h3 class=\"wp-block-heading\">Fontosabb id\u0151pontok \u00f6sszefoglalva:<\/h3>\n\n\n\n<p><\/p>\n\n\n\n<ul class=\"wp-block-list\">\n<li>Ny\u00edlt napot tartunk: 2025. november 5-\u00e9n (2-4. \u00f3ra)<\/li>\n\n\n\n<li>\u00b7 Sz\u00fcl\u0151i t\u00e1j\u00e9koztat\u00f3 id\u0151pontjai:  2025. november 12-\u00e9n 17 \u00f3rakor<\/li>\n\n\n\n<li>\u00b7 K\u00f6zponti \u00edr\u00e1sbeli vizsg\u00e1ra jelentkez\u00e9si lap be\u00e9rkez\u00e9s\u00e9nek hat\u00e1rideje: 2025. december 1.<\/li>\n\n\n\n<li>\u00b7 K\u00f6zponti \u00edr\u00e1sbeli vizsga id\u0151pontja: 2026. janu\u00e1r 24. 10 \u00f3ra<\/li>\n\n\n\n<li>\u00b7 K\u00f6zponti \u00edr\u00e1sbeli p\u00f3tl\u00f3 vizsga id\u0151pontja: 2026. febru\u00e1r 3. 14 \u00f3ra<\/li>\n\n\n\n<li>\u00b7 Jelentkez\u00e9si hat\u00e1rid\u0151: 2026. febru\u00e1r 19.<\/li>\n\n\n\n<li>\u00b7 Sz\u00f3beli vizsga id\u0151pontja: 2026. m\u00e1rcius 4. \u00e9s 5. (p\u00f3tnap betegs\u00e9g eset\u00e9n 2026. m\u00e1rcius 11.)<\/li>\n\n\n\n<li>\u00b7 A felv\u00e9telr\u0151l \u00edr\u00e1sban t\u00e1j\u00e9koztatjuk a sz\u00fcl\u0151ket: 2026. m\u00e1jus 8.<\/li>\n<\/ul>\n\n\n\n<div data-wp-interactive=\"core\/file\" class=\"wp-block-file\"><object data-wp-bind--hidden=\"!state.hasPdfPreview\" hidden class=\"wp-block-file__embed\" data=\"https:\/\/kosztolanyigimnazium.hu\/wp-content\/uploads\/2025\/10\/szuloi_beiskolazasi_tajekoztato-4.evfolyamos-kepzesre-2026-27.pdf\" type=\"application\/pdf\" style=\"width:100%;height:600px\" aria-label=\"sz\u00fcl\u0151i_beiskol\u00e1z\u00e1si_t\u00e1j\u00e9koztat\u00f3 4.\u00e9vfolyamos k\u00e9pz\u00e9sre 2026-27 be\u00e1gyaz\u00e1sa\"><\/object><a id=\"wp-block-file--media-92ae36d7-a2fc-43a8-b380-a079230d296f\" href=\"https:\/\/kosztolanyigimnazium.hu\/wp-content\/uploads\/2025\/10\/szuloi_beiskolazasi_tajekoztato-4.evfolyamos-kepzesre-2026-27.pdf\">sz\u00fcl\u0151i_beiskol\u00e1z\u00e1si_t\u00e1j\u00e9koztat\u00f3 4.\u00e9vfolyamos k\u00e9pz\u00e9sre 2026-27<\/a><a href=\"https:\/\/kosztolanyigimnazium.hu\/wp-content\/uploads\/2025\/10\/szuloi_beiskolazasi_tajekoztato-4.evfolyamos-kepzesre-2026-27.pdf\" class=\"wp-block-file__button wp-element-button\" download aria-describedby=\"wp-block-file--media-92ae36d7-a2fc-43a8-b380-a079230d296f\">Let\u00f6lt\u00e9s<\/a><\/div>\n\n\n\n<p><\/p>\n","protected":false},"excerpt":{"rendered":"<p>Kosztol\u00e1nyi Dezs\u0151 Gimn\u00e1zium 1012 Budapest, Attila \u00fat 135-137.OM azonos\u00edt\u00f3: 035344Feladatell\u00e1t\u00e1si hely k\u00f3dja: 002Tel: 375-22-82, 06-20-4333-833Int\u00e9zm\u00e9nyvezet\u0151: Bodor Eszter Int\u00e9zm\u00e9ny\u00fcnk az E\u00f6tv\u00f6s Lor\u00e1nd Tudom\u00e1nyegyetem gyakorl\u00f3helye, a Testnevel\u00e9si Egyetem, valamint a K\u00e1roli G\u00e1sp\u00e1r Reform\u00e1tus Egyetem \u00e9s az Eszterh\u00e1zy K\u00e1roly F\u0151iskola partneriskol\u00e1ja, pedag\u00f3giai-szakmai Mentor\u00e1l\u00f3 <a href=\"https:\/\/kosztolanyigimnazium.hu\/?page_id=395\" class=\"read-more\">Olvass tov\u00e1bb&#8230;<\/a><\/p>\n","protected":false},"author":1,"featured_media":1450,"parent":392,"menu_order":0,"comment_status":"closed","ping_status":"closed","template":"","meta":{"footnotes":""},"class_list":["post-395","page","type-page","status-publish","has-post-thumbnail","hentry"],"_links":{"self":[{"href":"https:\/\/kosztolanyigimnazium.hu\/index.php?rest_route=\/wp\/v2\/pages\/395","targetHints":{"allow":["GET"]}}],"collection":[{"href":"https:\/\/kosztolanyigimnazium.hu\/index.php?rest_route=\/wp\/v2\/pages"}],"about":[{"href":"https:\/\/kosztolanyigimnazium.hu\/index.php?rest_route=\/wp\/v2\/types\/page"}],"author":[{"embeddable":true,"href":"https:\/\/kosztolanyigimnazium.hu\/index.php?rest_route=\/wp\/v2\/users\/1"}],"replies":[{"embeddable":true,"href":"https:\/\/kosztolanyigimnazium.hu\/index.php?rest_route=%2Fwp%2Fv2%2Fcomments&post=395"}],"version-history":[{"count":31,"href":"https:\/\/kosztolanyigimnazium.hu\/index.php?rest_route=\/wp\/v2\/pages\/395\/revisions"}],"predecessor-version":[{"id":5434,"href":"https:\/\/kosztolanyigimnazium.hu\/index.php?rest_route=\/wp\/v2\/pages\/395\/revisions\/5434"}],"up":[{"embeddable":true,"href":"https:\/\/kosztolanyigimnazium.hu\/index.php?rest_route=\/wp\/v2\/pages\/392"}],"wp:featuredmedia":[{"embeddable":true,"href":"https:\/\/kosztolanyigimnazium.hu\/index.php?rest_route=\/wp\/v2\/media\/1450"}],"wp:attachment":[{"href":"https:\/\/kosztolanyigimnazium.hu\/index.php?rest_route=%2Fwp%2Fv2%2Fmedia&parent=395"}],"curies":[{"name":"wp","href":"https:\/\/api.w.org\/{rel}","templated":true}]}}