{"id":434,"date":"2019-04-16T21:54:34","date_gmt":"2019-04-16T21:54:34","guid":{"rendered":"http:\/\/localhost:8888\/?page_id=434"},"modified":"2025-09-09T12:49:10","modified_gmt":"2025-09-09T11:49:10","slug":"kozponti-irasbeli","status":"publish","type":"page","link":"https:\/\/kosztolanyigimnazium.hu\/?page_id=434","title":{"rendered":"K\u00f6zponti \u00edr\u00e1sbeli"},"content":{"rendered":"\n<h2 class=\"wp-block-heading\">A tanul\u00f3 jelentkez\u00e9se a k\u00f6zponti \u00edr\u00e1sbeli vizsg\u00e1ra<\/h2>\n\n\n\n<p>A tanul\u00f3knak a mell\u00e9kelt&nbsp;\u201e<strong>TANUL\u00d3I JELENTKEZ\u00c9SI LAP<\/strong>\u201d&nbsp;(lentebb let\u00f6lthet\u0151) beny\u00fajt\u00e1s\u00e1val kell jelentkezni\u00fck a&nbsp;k\u00f6zponti \u00edr\u00e1sbeli vizsg\u00e1ra, ha n\u00e1lunk k\u00edv\u00e1nj\u00e1k meg\u00edrni a k\u00f6zponti \u00edr\u00e1sbeli vizsg\u00e1t.<\/p>\n\n\n\n<p>Int\u00e9zm\u00e9ny\u00fcnk k\u00f6zponti \u00edr\u00e1sbeli vizsg\u00e1t szervez:<\/p>\n\n\n\n<ul class=\"wp-block-list\">\n<li>9. \u00e9vfolyamra jelentkez\u0151knek<\/li>\n\n\n\n<li>8 \u00e9vfolyamos gimn\u00e1ziumba jelentkez\u0151k sz\u00e1m\u00e1ra is.<\/li>\n<\/ul>\n\n\n\n<p><strong>Ez a jelentkez\u00e9si lap csak a k\u00f6zponti \u00edr\u00e1sbeli vizsg\u00e1ra vonatkozik, nem t\u00e9vesztend\u0151 \u00f6ssze a felv\u00e9teli elj\u00e1r\u00e1sban haszn\u00e1latos jelentkez\u00e9si lappal<\/strong>,&nbsp;amelyet a k\u00f6z\u00e9pfok\u00fa iskol\u00e1kba val\u00f3 jelentkez\u00e9skor kell majd haszn\u00e1lni.&nbsp;<\/p>\n\n\n\n<p>K\u00e9rj\u00fck, hogy&nbsp;<strong>a tanul\u00f3k a k\u00f6zponti \u00edr\u00e1sbeli vizsg\u00e1ra szem\u00e9lyazonos\u00edt\u00e1sra alkalmas igazolv\u00e1nyt<\/strong>&nbsp;\u2013 di\u00e1kigazolv\u00e1nyt vagy szem\u00e9lyi igazolv\u00e1nyt \u2013&nbsp;<strong>hozzanak magukkal.&nbsp;<\/strong><\/p>\n\n\n\n<ul class=\"wp-block-list\">\n<li>A magyar nyelvi feladatlapok kit\u00f6lt\u00e9s\u00e9hez seg\u00e9deszk\u00f6z nem haszn\u00e1lhat\u00f3.&nbsp;<\/li>\n\n\n\n<li>A matematika feladatlapok kit\u00f6lt\u00e9s\u00e9hez rajzeszk\u00f6z\u00f6k\u00f6n (vonalz\u00f3, k\u00f6rz\u0151, sz\u00f6gm\u00e9r\u0151) k\u00edv\u00fcl m\u00e1s seg\u00e9deszk\u00f6z (pl. zsebsz\u00e1mol\u00f3g\u00e9p) nem haszn\u00e1lhat\u00f3.<\/li>\n<\/ul>\n\n\n\n<p>A dolgozat meg\u00edr\u00e1sakor a rajzokat ceruz\u00e1val, minden egy\u00e9b \u00edr\u00e1sbeli munk\u00e1t k\u00e9k vagy fekete sz\u00edn\u0171 tint\u00e1val kell elk\u00e9sz\u00edteni.&nbsp;<\/p>\n\n\n\n<p>K\u00e9rj\u00fck, hogy a vizsg\u00e1z\u00f3k&nbsp;<strong>a vizsga napj\u00e1n<\/strong> jelenjenek meg int\u00e9zm\u00e9ny\u00fcnkben.<\/p>\n\n\n\n<p>Az emeleti termekbe csak a vizsg\u00e1z\u00f3k mehetnek fel, hogy tudjuk biztos\u00edtani a di\u00e1kok zavartalan munk\u00e1j\u00e1t.<\/p>\n\n\n\n<p><strong>A vizsga 10 \u00f3rakor kezd\u0151dik<\/strong>, \u00e9s feladatlaponk\u00e9nt&nbsp;<strong>45 perc<\/strong>et vesz ig\u00e9nybe, a k\u00e9t feladatlap kit\u00f6lt\u00e9se k\u00f6z\u00f6tt 15 perc sz\u00fcnetet kell tartanunk. A vizsg\u00e1z\u00f3k v\u00e1rhat\u00f3an 12 \u00f3rakor fejezik be a vizsg\u00e1z\u00e1st.<\/p>\n\n\n\n<p>A k\u00f6zponti \u00edr\u00e1sbeli vizsga ki\u00e9rt\u00e9kelt dolgozatait a vizsg\u00e1z\u00f3 \u00e9s sz\u00fcl\u0151je az iskola k\u00e9pvisel\u0151j\u00e9nek jelenl\u00e9t\u00e9ben megtekintheti, azokr\u00f3l k\u00e9zzel vagy elektronikus \u00faton pl. digit\u00e1lis f\u00e9nyk\u00e9pez\u0151g\u00e9ppel m\u00e1solatot k\u00e9sz\u00edthet, \u00e9s \u2013&nbsp;<strong>kiz\u00e1r\u00f3lag a hivatalos jav\u00edt\u00e1si-\u00e9rt\u00e9kel\u00e9si \u00fatmutat\u00f3t\u00f3l elt\u00e9r\u0151 \u00e9rt\u00e9kel\u00e9s eset\u00e9n<\/strong>&nbsp;\u2013 az \u00e9rt\u00e9kel\u00e9sre \u00e9szrev\u00e9telt tehet.&nbsp;<\/p>\n\n\n\n<p>A vizsg\u00e1z\u00f3 \u00e9s sz\u00fcl\u0151je a hivatalos jav\u00edt\u00e1si-\u00e9rt\u00e9kel\u00e9si \u00fatmutat\u00f3t\u00f3l elt\u00e9r\u0151 \u00e9rt\u00e9kel\u00e9s eset\u00e9n \u00e9szrev\u00e9teleit a megtekint\u00e9st k\u00f6vet\u0151 els\u0151 munkanap v\u00e9g\u00e9ig \u2013 tizenhat \u00f3r\u00e1ig \u2013 \u00edr\u00e1sban adhatja le. Az \u00e9szrev\u00e9tel beny\u00fajt\u00e1s\u00e1ra nyitva \u00e1ll\u00f3 hat\u00e1rid\u0151 elmulaszt\u00e1sa eset\u00e9n egy napon bel\u00fcl lehet igazol\u00e1si k\u00e9relmet beny\u00fajtani. Az igazol\u00e1si k\u00e9relem beny\u00fajt\u00e1si hat\u00e1rideje jogveszt\u0151.&nbsp;<\/p>\n\n\n\n<p>A k\u00f6zponti \u00edr\u00e1sbeli vizsga eredm\u00e9ny\u00e9r\u0151l a vizsg\u00e1t szervez\u0151 iskola \u2013 a Hivatal \u00e1ltal kiadott, a vizsga r\u00e9szletes eredm\u00e9nyeit tartalmaz\u00f3, az iskola k\u00f6rb\u00e9lyegz\u0151j\u00e9nek lenyomat\u00e1val, valamint az igazgat\u00f3 vagy az \u00e1ltala kijel\u00f6lt szem\u00e9ly al\u00e1\u00edr\u00e1s\u00e1val hiteles\u00edtett&nbsp;<strong>\u00c9rt\u00e9kel\u0151 lapon<\/strong>&nbsp;\u2013 k\u00f6zvetlen\u00fcl t\u00e1j\u00e9koztatja a vizsg\u00e1z\u00f3kat<strong>.<\/strong><\/p>\n\n\n\n<h3 class=\"wp-block-heading\">Figyelem! A k\u00f6z\u00e9pfok\u00fa felv\u00e9teli elj\u00e1r\u00e1s sor\u00e1n a k\u00f6zponti \u00edr\u00e1sbeli vizsg\u00e1ra \u00e9s a k\u00f6z\u00e9pfok\u00fa iskol\u00e1kba val\u00f3 jelentkez\u00e9shez m\u00e1s-m\u00e1s id\u0151pontban, k\u00fcl\u00f6n-k\u00fcl\u00f6n jelentkez\u00e9si lapot kell beny\u00fajtani, a k\u00e9t jelentkez\u00e9s nem \u201ev\u00e1ltja ki\u201d, vagy \u201ehelyettes\u00edti\u201d egym\u00e1st.&nbsp;<\/h3>\n\n\n\n<hr class=\"wp-block-separator has-css-opacity\"\/>\n\n\n\n<div class=\"wp-block-group\"><div class=\"wp-block-group__inner-container is-layout-flow wp-block-group-is-layout-flow\">\n<h3 class=\"wp-block-heading\">Fontos d\u00e1tumok \u00edgy a k\u00f6vetkez\u0151ek:<\/h3>\n\n\n\n<ul class=\"wp-block-list\">\n<li><em>2025. december 1.<\/em>\u2013 Jelentkez\u00e9si lap beny\u00fajt\u00e1sa az iskol\u00e1ba<\/li>\n\n\n\n<li><em>2026. janu\u00e1r 24<\/em>\u00a0\u2013 K\u00f6zponti \u00edr\u00e1sbeli vizsga id\u0151pontja<\/li>\n\n\n\n<li>(<em>2026. febru\u00e1r 3<\/em>. \u2013 P\u00f3tl\u00f3 \u00edr\u00e1sbeli)<\/li>\n\n\n\n<li><em>2026. janu\u00e1r 30.&nbsp;<\/em>\u2013 Betekint\u00e9s<\/li>\n<\/ul>\n<\/div><\/div>\n\n\n\n<hr class=\"wp-block-separator has-css-opacity\"\/>\n\n\n\n<h3 class=\"wp-block-heading\">Az <a style=\"text-decoration-line: underline;\" href=\"https:\/\/ejel.kozfelvir.hu\/\">Oktat\u00e1si Hivatal<\/a> fel\u00fclet\u00e9n tal\u00e1lnak t\u00f6bb inform\u00e1ci\u00f3t.<\/h3>\n\n\n\n<div class=\"wp-block-file\"><a id=\"wp-block-file--media-5a74ec9d-d16a-4811-b733-038aff9df6bc\" href=\"https:\/\/kosztolanyigimnazium.hu\/wp-content\/uploads\/2022\/11\/KOZFELVIR_szuloi_kerelem_2023.pdf\">KOZFELVIR_szuloi_kerelem_2023<\/a><a href=\"https:\/\/kosztolanyigimnazium.hu\/wp-content\/uploads\/2022\/11\/KOZFELVIR_szuloi_kerelem_2023.pdf\" class=\"wp-block-file__button wp-element-button\" download aria-describedby=\"wp-block-file--media-5a74ec9d-d16a-4811-b733-038aff9df6bc\">Let\u00f6lt\u00e9s<\/a><\/div>\n\n\n\n<p><strong>Tov\u00e1bbi t\u00e1j\u00e9koztat\u00f3k:<\/strong><\/p>\n\n\n\n<ul class=\"wp-block-list\">\n<li><a rel=\"noreferrer noopener\" href=\"https:\/\/www.oktatas.hu\/kozneveles\/kozepfoku_felveteli_eljaras\/tajekoztato_felvetelizoknek\/kozepfoku_beiskolazas_rendje\" target=\"_blank\">https:\/\/www.oktatas.hu\/kozneveles\/kozepfoku_felveteli_eljaras\/tajekoztato_felvetelizoknek\/kozepfoku_beiskolazas_rendje<\/a><\/li>\n\n\n\n<li><a href=\"https:\/\/www.oktatas.hu\/kozneveles\/kozepfoku_felveteli_eljaras\/KIFIR_TT_felvi_tajekoztato_es_kereso\" target=\"_blank\" rel=\"noreferrer noopener\">https:\/\/www.oktatas.hu\/kozneveles\/kozepfoku_felveteli_eljaras\/KIFIR_TT_felvi_tajekoztato_es_kereso<\/a><\/li>\n\n\n\n<li><\/li>\n<\/ul>\n\n\n\n<p><\/p>\n","protected":false},"excerpt":{"rendered":"<p>A tanul\u00f3 jelentkez\u00e9se a k\u00f6zponti \u00edr\u00e1sbeli vizsg\u00e1ra A tanul\u00f3knak a mell\u00e9kelt&nbsp;\u201eTANUL\u00d3I JELENTKEZ\u00c9SI LAP\u201d&nbsp;(lentebb let\u00f6lthet\u0151) beny\u00fajt\u00e1s\u00e1val kell jelentkezni\u00fck a&nbsp;k\u00f6zponti \u00edr\u00e1sbeli vizsg\u00e1ra, ha n\u00e1lunk k\u00edv\u00e1nj\u00e1k meg\u00edrni a k\u00f6zponti \u00edr\u00e1sbeli vizsg\u00e1t. Int\u00e9zm\u00e9ny\u00fcnk k\u00f6zponti \u00edr\u00e1sbeli vizsg\u00e1t szervez: Ez a jelentkez\u00e9si lap csak a k\u00f6zponti <a href=\"https:\/\/kosztolanyigimnazium.hu\/?page_id=434\" class=\"read-more\">Olvass tov\u00e1bb&#8230;<\/a><\/p>\n","protected":false},"author":1,"featured_media":0,"parent":392,"menu_order":0,"comment_status":"closed","ping_status":"closed","template":"","meta":{"footnotes":""},"class_list":["post-434","page","type-page","status-publish","hentry"],"_links":{"self":[{"href":"https:\/\/kosztolanyigimnazium.hu\/index.php?rest_route=\/wp\/v2\/pages\/434","targetHints":{"allow":["GET"]}}],"collection":[{"href":"https:\/\/kosztolanyigimnazium.hu\/index.php?rest_route=\/wp\/v2\/pages"}],"about":[{"href":"https:\/\/kosztolanyigimnazium.hu\/index.php?rest_route=\/wp\/v2\/types\/page"}],"author":[{"embeddable":true,"href":"https:\/\/kosztolanyigimnazium.hu\/index.php?rest_route=\/wp\/v2\/users\/1"}],"replies":[{"embeddable":true,"href":"https:\/\/kosztolanyigimnazium.hu\/index.php?rest_route=%2Fwp%2Fv2%2Fcomments&post=434"}],"version-history":[{"count":14,"href":"https:\/\/kosztolanyigimnazium.hu\/index.php?rest_route=\/wp\/v2\/pages\/434\/revisions"}],"predecessor-version":[{"id":5242,"href":"https:\/\/kosztolanyigimnazium.hu\/index.php?rest_route=\/wp\/v2\/pages\/434\/revisions\/5242"}],"up":[{"embeddable":true,"href":"https:\/\/kosztolanyigimnazium.hu\/index.php?rest_route=\/wp\/v2\/pages\/392"}],"wp:attachment":[{"href":"https:\/\/kosztolanyigimnazium.hu\/index.php?rest_route=%2Fwp%2Fv2%2Fmedia&parent=434"}],"curies":[{"name":"wp","href":"https:\/\/api.w.org\/{rel}","templated":true}]}}