{"id":436,"date":"2019-04-16T21:57:44","date_gmt":"2019-04-16T21:57:44","guid":{"rendered":"http:\/\/localhost:8888\/?page_id=436"},"modified":"2026-02-27T17:15:20","modified_gmt":"2026-02-27T16:15:20","slug":"szobeli-vizsga","status":"publish","type":"page","link":"https:\/\/kosztolanyigimnazium.hu\/?page_id=436","title":{"rendered":"Sz\u00f3beli vizsga"},"content":{"rendered":"\n<h3 class=\"wp-block-heading\" id=\"m_-3898726669529335848gmail-kedves-felvetelizo-diakok-a-szobeli-felveteli-idopontok-valtozatlanok-maradtak-a-jovo-heti-vizsgakkal-kapcsolatban-kesobb-adunk-tajekoztatast\">Kedves Felv\u00e9teliz\u0151 Di\u00e1kok!<br>A sz\u00f3beli felv\u00e9teli id\u0151pontok v\u00e1ltozatlanok maradtak.<\/h3>\n\n\n\n<h3 class=\"wp-block-heading\" id=\"m_-3898726669529335848gmail-kedves-felvetelizo-diakok-a-szobeli-felveteli-idopontok-valtozatlanok-maradtak-a-jovo-heti-vizsgakkal-kapcsolatban-kesobb-adunk-tajekoztatast\">A sz\u00f3belire az els\u0151 200 jelentkez\u0151t h\u00edvjuk be tagozatonk\u00e9nt.<\/h3>\n\n\n\n<h3 class=\"wp-block-heading\" id=\"m_-3898726669529335848gmail-kedves-felvetelizo-diakok-a-szobeli-felveteli-idopontok-valtozatlanok-maradtak-a-jovo-heti-vizsgakkal-kapcsolatban-kesobb-adunk-tajekoztatast\">Aki nem \u00e9rte el a ponthat\u00e1rt, nem tal\u00e1lja meg mag\u00e1t, annak maxim\u00e1lis sz\u00f3beli eredm\u00e9ny mellett kev\u00e9s az&nbsp;es\u00e9lye arra, hogy beker\u00fcl\u0151 helyez\u00e9st \u00e9rjen el, ez\u00e9rt \u0151ket nem h\u00edvtuk be sz\u00f3beli vizsg\u00e1t tenni. Ha ennek ellen\u00e9re m\u00e9gis \u00e9lni k\u00edv\u00e1nnak a sz\u00f3beli vizsg\u00e1z\u00e1s lehet\u0151s\u00e9g\u00e9vel, \u00fagy ezt a sz\u00e1nd\u00e9kukat 2026. m\u00e1rcius 3-\u00e1n 16.00 \u00f3r\u00e1ig jelezni\u00fck kell az iskola \u00e1ltal megadott e-mail c\u00edmen (<a href=\"mailto:titkarsag@kosztolanyigimnazium.hu\" target=\"_blank\" rel=\"noreferrer noopener\">felveteliertesites@kosztolanyigimnazium.hu<\/a>). Az \u00fczenetben k\u00e9rj\u00fck, hogy t\u00fcntess\u00e9k fel a tanul\u00f3 nev\u00e9t \u00e9s OM sz\u00e1m\u00e1t, illetve a k\u00e9relem r\u00f6vid indokl\u00e1s\u00e1t.<\/h3>\n\n\n\n<h4 class=\"wp-block-heading\" id=\"m_-3898726669529335848gmail-tudnivalok-a-szobeli-felveteli-vizsgarol\">TUDNIVAL\u00d3K A SZ\u00d3BELI FELV\u00c9TELI VIZSG\u00c1R\u00d3L<\/h4>\n\n\n\n<p>A sz\u00f3beli vizsga helysz\u00edne: a gimn\u00e1zium \u00e9p\u00fclete.<\/p>\n\n\n\n<p>A sz\u00f3beli vizsg\u00e1k id\u0151pontjai:&nbsp;<strong>2026. m\u00e1rcius 4., 5..&nbsp;<\/strong> (beoszt\u00e1s szerint)<\/p>\n\n\n\n<p><em>Orvosi igazol\u00e1ssal 2026. m\u00e1rcius 11.<\/em><\/p>\n\n\n\n<p>A sz\u00f3beli vizsga beoszt\u00e1st 2026. febru\u00e1r 27-\u00e9t\u0151l tagozatonk\u00e9nt felt\u00f6ltj\u00fck az al\u00e1bbi linkekre:<\/p>\n\n\n\n<h2 class=\"wp-block-heading\" id=\"m_-3898726669529335848gmail-0009-es-tagozat-szobeli-beosztasa\">0008-as \u00e9s a 0009-es tagozat \u2013 Sz\u00f3beli beoszt\u00e1sa:<\/h2>\n\n\n\n<div data-wp-interactive=\"core\/file\" class=\"wp-block-file\"><object data-wp-bind--hidden=\"!state.hasPdfPreview\" hidden class=\"wp-block-file__embed\" data=\"https:\/\/kosztolanyigimnazium.hu\/wp-content\/uploads\/2026\/02\/KDG_8evfolyamos_szobeli.pdf\" type=\"application\/pdf\" style=\"width:100%;height:200px\" aria-label=\"KDG_8\u00e9vfolyamos_sz\u00f3beli be\u00e1gyaz\u00e1sa\"><\/object><a id=\"wp-block-file--media-396e0771-7923-430b-8eaf-d019a91f8ae2\" href=\"https:\/\/kosztolanyigimnazium.hu\/wp-content\/uploads\/2026\/02\/KDG_8evfolyamos_szobeli.pdf\">KDG_8\u00e9vfolyamos_sz\u00f3beli<\/a><a href=\"https:\/\/kosztolanyigimnazium.hu\/wp-content\/uploads\/2026\/02\/KDG_8evfolyamos_szobeli.pdf\" class=\"wp-block-file__button wp-element-button\" download aria-describedby=\"wp-block-file--media-396e0771-7923-430b-8eaf-d019a91f8ae2\">Let\u00f6lt\u00e9s<\/a><\/div>\n\n\n\n<h2 class=\"wp-block-heading\">0004-es \u00e9s a 0005-\u00f6s tagozat \u2013 Sz\u00f3beli beoszt\u00e1s:<\/h2>\n\n\n\n<div data-wp-interactive=\"core\/file\" class=\"wp-block-file\"><object data-wp-bind--hidden=\"!state.hasPdfPreview\" hidden class=\"wp-block-file__embed\" data=\"https:\/\/kosztolanyigimnazium.hu\/wp-content\/uploads\/2026\/02\/KDG_4evfolyamos_szobeli.pdf\" type=\"application\/pdf\" style=\"width:100%;height:600px\" aria-label=\"KDG_4\u00e9vfolyamos_sz\u00f3beli be\u00e1gyaz\u00e1sa\"><\/object><a id=\"wp-block-file--media-fd022924-201f-47bb-945b-286df80fbad7\" href=\"https:\/\/kosztolanyigimnazium.hu\/wp-content\/uploads\/2026\/02\/KDG_4evfolyamos_szobeli.pdf\">KDG_4\u00e9vfolyamos_sz\u00f3beli<\/a><a href=\"https:\/\/kosztolanyigimnazium.hu\/wp-content\/uploads\/2026\/02\/KDG_4evfolyamos_szobeli.pdf\" class=\"wp-block-file__button wp-element-button\" download aria-describedby=\"wp-block-file--media-fd022924-201f-47bb-945b-286df80fbad7\">Let\u00f6lt\u00e9s<\/a><\/div>\n\n\n\n<hr class=\"wp-block-separator has-css-opacity is-style-wide\"\/>\n\n\n\n<p><em>8 \u00e9vfolyamos k\u00e9pz\u00e9s<\/em><\/p>\n\n\n\n<p>0008-as tagozat &#8211; Sz\u00f3beli vizsg\u00e1t tartunk &#8211; beoszt\u00e1s alapj\u00e1n.<\/p>\n\n\n\n<p>0009-es &#8211; Sz\u00f3beli vizsg\u00e1t tartunk &#8211; beoszt\u00e1s alapj\u00e1n.<\/p>\n\n\n\n<p><em>4 \u00e9vfolyamos k\u00e9pz\u00e9s<\/em><\/p>\n\n\n\n<p>Sz\u00f3beli vizsg\u00e1t tartunk &#8211; beoszt\u00e1s alapj\u00e1n.<\/p>\n\n\n\n<p>Tagozati jelentkez\u00e9s f\u00fcggv\u00e9ny\u00e9ben vannak a bizotts\u00e1gok! Ha mindk\u00e9t tagozat megjel\u00f6l\u00e9sre ker\u00fclt, akkor a vizsg\u00e1z\u00f3 v\u00e1laszthat, melyik tagozat anyag\u00e1b\u00f3l szeretne vizsg\u00e1zni. A vizsga megkezd\u00e9se el\u0151tt kell ezt megmondani a vizsgabizotts\u00e1gnak!<\/p>\n\n\n\n<p><strong>J\u00e1rv\u00e1ny\u00fcgyi \u00f3vint\u00e9zked\u00e9sek m\u00e1r nincsenek!<\/strong><\/p>\n\n\n\n<p>Sikeres vizsg\u00e1t \u00e9s eredm\u00e9nyes felv\u00e9telit k\u00edv\u00e1nunk!<\/p>\n\n\n\n<hr class=\"wp-block-separator has-css-opacity is-style-wide\"\/>\n\n\n\n<p><strong>A vizsg\u00e1ra hozd magaddal:<\/strong><\/p>\n\n\n\n<ul class=\"wp-block-list\">\n<li>A jelenleg \u00e9rv\u00e9nyes (nyolcadik\/negyedik oszt\u00e1lyos)&nbsp; elektronikus napl\u00f3b\u00f3l let\u00f6lt\u00f6tt ellen\u0151rz\u0151t! Ha a f\u00e9l\u00e9vi \u00e9rtes\u00edt\u0151t k\u00fcl\u00f6n lapon kaptad, akkor azt is szeretn\u00e9nk megn\u00e9zni.<\/li>\n\n\n\n<li>8.\/4. oszt\u00e1lyos f\u00fczeteidet (magyar, matematika, egy szabadon v\u00e1lasztott),<\/li>\n\n\n\n<li>B\u00e1rmilyen egy\u00e9b alkot\u00e1sodat vagy oklevelet, melyet fontosnak tartasz.<\/li>\n\n\n\n<li>Ne felejtsd otthon a f\u00e9nyk\u00e9pes szem\u00e9lyi- vagy di\u00e1kigazolv\u00e1nyodat!<\/li>\n\n\n\n<li>Sz\u00fcks\u00e9ged lesz egy tollra.<\/li>\n<\/ul>\n\n\n\n<p>Amennyiben a kit\u0171z\u00f6tt id\u0151pontban rajtad k\u00edv\u00fcl\u00e1ll\u00f3 okb\u00f3l nem tudsz megjelenni, halad\u00e9ktalanul \u00e9rtes\u00edtsd a Kosztol\u00e1nyi Dezs\u0151 Gimn\u00e1zium titk\u00e1rs\u00e1g\u00e1t (<a href=\"https:\/\/kosztolanyigimnazium.hu\/kapcsolat\/uzenet-az-iskolanak\/\" class=\"ek-link\">\u00fczenet k\u00fcld\u00e9se ide kattintva \u00e9rhet\u0151 el<\/a>). Ennek az \u00e9rtes\u00edt\u00e9snek a hi\u00e1ny\u00e1ban sajnos nem tudjuk biztos\u00edtani sz\u00e1modra a felv\u00e9teliz\u00e9s lehet\u0151s\u00e9g\u00e9t.<\/p>\n\n\n\n<p class=\"has-text-align-right\"><em>Sikeres vizsg\u00e1t \u00e9s eredm\u00e9nyes felv\u00e9telit k\u00edv\u00e1nunk!<\/em><\/p>\n\n\n\n<h3 class=\"wp-block-heading\" id=\"negy-evfolyamos-tagozat-0004-0005\">N\u00e9gy \u00e9vfolyamos tagozat (0004, 0005)<\/h3>\n\n\n\n<p><strong>Sz\u00f3beli felv\u00e9teli vizsga id\u0151pontja: <\/strong><\/p>\n\n\n\n<h4 class=\"wp-block-heading\" id=\"a-szobeli-felveteli-vizsga-reszei\">A sz\u00f3beli&nbsp;felv\u00e9teli&nbsp;vizsga r\u00e9szei:<\/h4>\n\n\n\n<p>T\u00f6rt\u00e9nelmi\/irodalmi sz\u00f6veg \u00e9rtelmez\u00e9se a hozz\u00e1 kapcsol\u00f3d\u00f3 kreat\u00edv sz\u00f6vegalkot\u00e1si feladat seg\u00edts\u00e9g\u00e9vel (pl. v\u00e9lem\u00e9nyalkot\u00e1s, \u00e9rvel\u00e9s) az al\u00e1bbi t\u00e9mak\u00f6r\u00f6kb\u0151l.<\/p>\n\n\n\n<p><strong>I. Hum\u00e1n orient\u00e1ci\u00f3 (0004-es tagozat)<\/strong> <\/p>\n\n\n\n<ol class=\"wp-block-list\">\n<li>Biblia teremt\u00e9st\u00f6rt\u00e9netek &#8211; zsid\u00f3 vall\u00e1s<\/li>\n\n\n\n<li>Biblia J\u00e9zus sz\u00fclet\u00e9se &#8211; kereszt\u00e9ny vall\u00e1s<\/li>\n\n\n\n<li>Botond mond\u00e1ja &#8211; honfogl\u00e1s, porty\u00e1z\u00e1sok<\/li>\n\n\n\n<li>M\u00e1ty\u00e1s monda Egyszer volt Bud\u00e1n kutyav\u00e1s\u00e1r &#8211; M\u00e1ty\u00e1s uralkod\u00e1sa<\/li>\n\n\n\n<li>K\u00f6lcsey: Himnusz &#8211; A reformkor<\/li>\n\n\n\n<li>Pet\u0151fi: Nemzeti dal &#8211; 18487. Arany: A walesi b\u00e1rdok &#8211; Ferenc J\u00f3zsef<\/li>\n\n\n\n<li>Ady: Kr\u00f3nik\u00e1s \u00e9nek 1918-b\u00f3l &#8211; 1.vil\u00e1gh\u00e1bor\u00fa<\/li>\n\n\n\n<li>Radn\u00f3ti: Nem tudhatom &#8211; 2. vil\u00e1gh\u00e1bor\u00fa<\/li>\n<\/ol>\n\n\n\n<p><strong>II. Term\u00e9szettudom\u00e1nyos probl\u00e9mamegold\u00f3 feladat a fizika, k\u00e9mia, biol\u00f3gia tant\u00e1rgyak alapismereteib\u0151l, a k\u00f6vetkez\u0151 t\u00e9mak\u00f6r\u00f6kb\u0151l ( 0005-\u00f6s tagozat)<\/strong><\/p>\n\n\n\n<ul class=\"wp-block-list\">\n<li>Biol\u00f3gia&nbsp;t\u00e9mak\u00f6r\u00f6k:\n<ol class=\"wp-block-list\">\n<li>Az \u00e9l\u0151 \u00e9s \u00e9lettelen k\u00f6rnyezet kapcsolata, k\u00f6lcs\u00f6nhat\u00e1sok<\/li>\n\n\n\n<li>Az egyes n\u00f6v\u00e9nycsoportok \u00e1ltal\u00e1nos fel\u00e9p\u00edt\u00e9se \u00e9s \u00e9letfolyamatai<\/li>\n\n\n\n<li>Az egyes \u00e1llatcsoportok \u00e1ltal\u00e1nos fel\u00e9p\u00edt\u00e9se \u00e9s \u00e9letfolyamatai<\/li>\n\n\n\n<li>Az emberi test fel\u00e9p\u00edt\u00e9se \u00e9s \u00e9letfolyamatai<\/li>\n\n\n\n<li>Az ember eg\u00e9szs\u00e9ge<\/li>\n<\/ol>\n<\/li>\n\n\n\n<li>K\u00e9mia&nbsp;t\u00e9mak\u00f6r\u00f6k:\n<ol class=\"wp-block-list\">\n<li>Az anyagi rendszerek \u00e1ltal\u00e1nos jellemz\u0151i<\/li>\n\n\n\n<li>Az anyagokat alkot\u00f3 r\u00e9szecsk\u00e9k \u00e9s kapcsolatuk<\/li>\n\n\n\n<li>Mindennapi anyagaink tulajdons\u00e1gai<\/li>\n\n\n\n<li>K\u00e9miai \u00e1talakul\u00e1sok csoportos\u00edt\u00e1sa \u00e9s jellemz\u0151i<\/li>\n\n\n\n<li>\u00c1ltal\u00e1nos k\u00f6rnyezetv\u00e9delmi probl\u00e9m\u00e1k<\/li>\n<\/ol>\n<\/li>\n\n\n\n<li>Fizika t\u00e9mak\u00f6r\u00f6k:\n<ol class=\"wp-block-list\">\n<li>H\u0151m\u00e9rs\u00e9klet, halmaz\u00e1llapotok (h\u0151vezet\u00e9s, olvad\u00e1s\/ fagy\u00e1s, p\u00e1rolg\u00e1s, forr\u00e1s\/lecsap\u00f3d\u00e1s, termikus k\u00f6lcs\u00f6nhat\u00e1s)<\/li>\n\n\n\n<li>A f\u00e9ny (a f\u00e9ny terjed\u00e9se\/ visszaver\u0151d\u00e9se, g\u00f6mbt\u00fckr\u00f6k, a f\u00e9ny t\u00f6r\u00e9se, lencs\u00e9k, prizm\u00e1k, a l\u00e1t\u00e1s, optikai eszk\u00f6z\u00f6k)<\/li>\n\n\n\n<li>Az energia (energia, energiaforr\u00e1sok, energiaig\u00e9nyek, az energiafogyaszt\u00e1s k\u00f6rnyezeti hat\u00e1sai, g\u00e9pek)<\/li>\n\n\n\n<li>K\u00f6lcs\u00f6nhat\u00e1sok&nbsp; er\u0151, er\u0151 fajt\u00e1i, nyom\u00e1s\/ l\u00e9gnyom\u00e1s\/ hidrosztatikai nyom\u00e1s, k\u00f6zleked\u0151ed\u00e9nyek, Arkhim\u00e9d\u00e9sz t\u00f6rv\u00e9nye, \u00fasz\u00e1s\/ lebeg\u00e9s\/ mer\u00fcl\u00e9s)<\/li>\n\n\n\n<li>Elektromoss\u00e1gtan (elektrosztatikai alapismeretek, egyen\u00e1ram, \u00e1ramk\u00f6ri alapmennyis\u00e9gek, Ohm t\u00f6rv\u00e9nye, fogyaszt\u00f3k soros\/ p\u00e1rhuzamos kapcsol\u00e1sa, teljes\u00edtm\u00e9ny, h\u0151hat\u00e1s)<\/li>\n<\/ol>\n<\/li>\n<\/ul>\n\n\n\n<h3 class=\"wp-block-heading\" id=\"nyolc-evfolyamos-tagozat-0009\">Nyolc \u00e9vfolyamos tagozat (0008 \u00e9s 0009)<\/h3>\n\n\n\n<p><strong>Sz\u00f3beli felv\u00e9teli vizsga id\u0151pontja: <\/strong><\/p>\n\n\n\n<h4 class=\"wp-block-heading\" id=\"a-szobeli-felveteli-vizsga-reszei\">A sz\u00f3beli felv\u00e9teli vizsga r\u00e9szei:<\/h4>\n\n\n\n<ul class=\"wp-block-list\">\n<li>Ismeretlen sz\u00f6veg hangos olvas\u00e1sa \u00e9s \u00e9rtelmez\u00e9se, kreat\u00edv feladat \u2013 sz\u00f3beli sz\u00f6vegalkot\u00e1s (pl. a sz\u00f6veg befejez\u00e9se, v\u00e9lem\u00e9nyalkot\u00e1s, k\u00e9rd\u00e9sfeltev\u00e9s)<\/li>\n\n\n\n<li>Logikai, term\u00e9szetismeret feladat megold\u00e1sa<\/li>\n<\/ul>\n","protected":false},"excerpt":{"rendered":"<p>Kedves Felv\u00e9teliz\u0151 Di\u00e1kok!A sz\u00f3beli felv\u00e9teli id\u0151pontok v\u00e1ltozatlanok maradtak. A sz\u00f3belire az els\u0151 200 jelentkez\u0151t h\u00edvjuk be tagozatonk\u00e9nt. Aki nem \u00e9rte el a ponthat\u00e1rt, nem tal\u00e1lja meg mag\u00e1t, annak maxim\u00e1lis sz\u00f3beli eredm\u00e9ny mellett kev\u00e9s az&nbsp;es\u00e9lye arra, hogy beker\u00fcl\u0151 helyez\u00e9st \u00e9rjen el, <a href=\"https:\/\/kosztolanyigimnazium.hu\/?page_id=436\" class=\"read-more\">Olvass tov\u00e1bb&#8230;<\/a><\/p>\n","protected":false},"author":1,"featured_media":437,"parent":392,"menu_order":0,"comment_status":"closed","ping_status":"closed","template":"","meta":{"footnotes":""},"class_list":["post-436","page","type-page","status-publish","has-post-thumbnail","hentry"],"_links":{"self":[{"href":"https:\/\/kosztolanyigimnazium.hu\/index.php?rest_route=\/wp\/v2\/pages\/436","targetHints":{"allow":["GET"]}}],"collection":[{"href":"https:\/\/kosztolanyigimnazium.hu\/index.php?rest_route=\/wp\/v2\/pages"}],"about":[{"href":"https:\/\/kosztolanyigimnazium.hu\/index.php?rest_route=\/wp\/v2\/types\/page"}],"author":[{"embeddable":true,"href":"https:\/\/kosztolanyigimnazium.hu\/index.php?rest_route=\/wp\/v2\/users\/1"}],"replies":[{"embeddable":true,"href":"https:\/\/kosztolanyigimnazium.hu\/index.php?rest_route=%2Fwp%2Fv2%2Fcomments&post=436"}],"version-history":[{"count":50,"href":"https:\/\/kosztolanyigimnazium.hu\/index.php?rest_route=\/wp\/v2\/pages\/436\/revisions"}],"predecessor-version":[{"id":5431,"href":"https:\/\/kosztolanyigimnazium.hu\/index.php?rest_route=\/wp\/v2\/pages\/436\/revisions\/5431"}],"up":[{"embeddable":true,"href":"https:\/\/kosztolanyigimnazium.hu\/index.php?rest_route=\/wp\/v2\/pages\/392"}],"wp:featuredmedia":[{"embeddable":true,"href":"https:\/\/kosztolanyigimnazium.hu\/index.php?rest_route=\/wp\/v2\/media\/437"}],"wp:attachment":[{"href":"https:\/\/kosztolanyigimnazium.hu\/index.php?rest_route=%2Fwp%2Fv2%2Fmedia&parent=436"}],"curies":[{"name":"wp","href":"https:\/\/api.w.org\/{rel}","templated":true}]}}