{"id":4921,"date":"2024-10-24T15:20:28","date_gmt":"2024-10-24T14:20:28","guid":{"rendered":"https:\/\/kosztolanyigimnazium.hu\/?page_id=4921"},"modified":"2025-12-08T09:14:42","modified_gmt":"2025-12-08T08:14:42","slug":"kulonos-kozzeteteli-lista","status":"publish","type":"page","link":"https:\/\/kosztolanyigimnazium.hu\/?page_id=4921","title":{"rendered":"K\u00f6zz\u00e9t\u00e9teli Lista"},"content":{"rendered":"\n<p><\/p>\n\n\n\n<p><strong>KIR<\/strong>&nbsp;k\u00f6zz\u00e9t\u00e9teli lista:&nbsp;<a href=\"https:\/\/kir.oktatas.hu\/kirint.show\/1035344?fbclid=IwY2xjawNuv95leHRuA2FlbQIxMABicmlkETFuWEIyMUh1dEs3TzNnOGVYAR6zF6P4I5DQX5inKhHEbYXjAVwfr9ScxsTaiWZrb-Ok1D8TA82_NtK-dq4DbA_aem_N8Z74V-c-r7R69cEgWnJ8w\">Itt \u00e9rhet\u0151 el<\/a><\/p>\n\n\n\n<p><strong>A Budapest I. Ker\u00fcleti Kosztol\u00e1nyi Dezs\u0151 Gimn\u00e1zium K\u00f6zz\u00e9t\u00e9teli List\u00e1ja<\/strong><br><em>K\u00e9sz\u00fclt a 229\/2012. (VIII. 28.) Korm. rendelet a nemzeti k\u00f6znevel\u00e9sr\u0151l sz\u00f3l\u00f3 t\u00f6rv\u00e9ny v\u00e9grehajt\u00e1s\u00e1r\u00f3l 23. \u00a7 (1) \u00e9s (3) bekezd\u00e9se el\u0151\u00edr\u00e1sai alapj\u00e1n<\/em><\/p>\n\n\n\n<figure class=\"wp-block-table\"><table class=\"has-fixed-layout\"><tbody><tr><td>1.a) a felv\u00e9teli lehet\u0151s\u00e9gr\u0151l sz\u00f3l\u00f3 t\u00e1j\u00e9koztat\u00f3:<\/td><td><a href=\"https:\/\/drive.google.com\/file\/d\/1y-avsXEL0gOSZyWmR9XWCXypoR10Buwf\/view\" target=\"_blank\" rel=\"noreferrer noopener\">Beiskol\u00e1z\u00e1si t\u00e1j\u00e9koztat\u00f3<\/a><\/td><\/tr><tr><td>b) a beiratkoz\u00e1sra meghat\u00e1rozott id\u0151t, a fenntart\u00f3 \u00e1ltal enged\u00e9lyezett oszt\u00e1lyok, csoportok sz\u00e1m\u00e1t<\/td><td><a href=\"https:\/\/drive.google.com\/file\/d\/1opd1iihc8RvFm8_ZJ2YEqA2iM4VHpOvN\/view\" target=\"_blank\" rel=\"noreferrer noopener\">Enged\u00e9lyezett oszt\u00e1lyok sz\u00e1ma \u00e9s l\u00e9tsz\u00e1ma.<\/a><br>Beiratkoz\u00e1sra meghat\u00e1rozott id\u0151:<br>2026. j\u00fanius 25. 8 \u00e9s 16 \u00f3ra k\u00f6z\u00f6tt<br>2026. j\u00fanius 26. 9 \u00e9s 13 \u00f3ra k\u00f6z\u00f6tt<\/td><\/tr><tr><td>c) k\u00f6znevel\u00e9si feladatot ell\u00e1t\u00f3 int\u00e9zm\u00e9nyegys\u00e9genk\u00e9nt a t\u00e9r\u00edt\u00e9si d\u00edj, a tand\u00edj, egy\u00e9b d\u00edjfizet\u00e9si k\u00f6telezetts\u00e9g (a tov\u00e1bbiakban egy\u00fctt: d\u00edj) jogc\u00edm\u00e9t \u00e9s m\u00e9rt\u00e9k\u00e9t, tov\u00e1bb\u00e1 tan\u00e9venk\u00e9nt, nevel\u00e9si \u00e9venk\u00e9nt az egy f\u0151re meg\u00e1llap\u00edtott d\u00edjak m\u00e9rt\u00e9ket, a fenntart\u00f3 \u00e1ltal adhat\u00f3 kedvezm\u00e9nyeket, bele\u00e9rtve a jogosults\u00e1gi \u00e9s ig\u00e9nyl\u00e9si felt\u00e9teleket is<\/td><td><a href=\"https:\/\/kosztolanyigimnazium.hu\/?page_id=4885\">Bizony\u00edtv\u00e1ny&nbsp;m\u00e1solat\/m\u00e1sodlat \u2013 Budapest I. Ker\u00fcleti Kosztol\u00e1nyi Dezs\u0151 Gimn\u00e1zium<\/a><\/td><\/tr><tr><td>d) a fenntart\u00f3 nevel\u00e9si-oktat\u00e1si int\u00e9zm\u00e9ny munk\u00e1j\u00e1val \u00f6sszef\u00fcgg\u0151 \u00e9rt\u00e9kel\u00e9s\u00e9nek nyilv\u00e1nos meg\u00e1llap\u00edt\u00e1sait \u00e9s idej\u00e9t, a k\u00f6znevel\u00e9si alapfeladattal kapcsolatos \u2013 nyilv\u00e1nos meg\u00e1llap\u00edt\u00e1sokat tartalmaz\u00f3 \u2013 vizsg\u00e1latok, ellen\u0151rz\u00e9sek felsorol\u00e1s\u00e1t, idej\u00e9t, az \u00c1llami Sz\u00e1mvev\u0151sz\u00e9k ellen\u0151rz\u00e9seinek nyilv\u00e1nos meg\u00e1llap\u00edt\u00e1sait, egy\u00e9b ellen\u0151rz\u00e9sek, vizsg\u00e1latok nyilv\u00e1nos meg\u00e1llap\u00edt\u00e1sait<\/td><td><br>Nem relev\u00e1ns<\/td><\/tr><tr><td>e) a nevel\u00e9si-oktat\u00e1si int\u00e9zm\u00e9ny nyitva tart\u00e1s\u00e1nak rendj\u00e9t, \u00e9ves munkaterv alapj\u00e1n a nevel\u00e9si \u00e9vben, tan\u00e9vben tervezett jelent\u0151sebb rendezv\u00e9nyek, esem\u00e9nyek id\u0151pontjait,<\/td><td>Nyitva tart\u00e1s rendje:<br>H\u00e9tf\u0151 &#8211; P\u00e9ntek: 6.00 &#8211; 22.00<br><a href=\"https:\/\/drive.google.com\/file\/d\/1QJT6sP45ExTmrih3gFXiF4ThP4XhT0I2\/view\" target=\"_blank\" rel=\"noreferrer noopener\">Jelent\u0151sebb rendezv\u00e9nyek<\/a><br>Munkaterv:<br><a href=\"https:\/\/kosztolanyigimnazium.hu\/?page_id=5247\" target=\"_blank\" rel=\"noreferrer noopener\">T\u00e1bl\u00e1zatos<\/a><br><a href=\"https:\/\/drive.google.com\/file\/d\/12svfDlS-8ZkSZmWWBNVGSuxDxaM88yUs\/view\" target=\"_blank\" rel=\"noreferrer noopener\">R\u00e9szletes<\/a><\/td><\/tr><tr><td>f) a pedag\u00f3giai-szakmai ellen\u0151rz\u00e9s meg\u00e1llap\u00edt\u00e1sait a szem\u00e9lyes adatok v\u00e9delm\u00e9re vonatkoz\u00f3 jogszab\u00e1lyok megtart\u00e1s\u00e1val,<\/td><td><a href=\"https:\/\/drive.google.com\/file\/d\/1ILT7Q06xJ2ujROwBAEnIjvokwZTthL2l\/view?usp=drive_link\">Int\u00e9zm\u00e9nyi fejleszt\u00e9si terv<\/a><\/td><\/tr><tr><td>g) a szervezeti \u00e9s m\u0171k\u00f6d\u00e9si szab\u00e1lyzatot, a h\u00e1zirendet \u00e9s a pedag\u00f3giai programot tartalmazza.<\/td><td><a href=\"https:\/\/drive.google.com\/file\/d\/16aODPvLR1Lknb9mVHURuE9lQ7nPGPhmV\/view?usp=sharing\" target=\"_blank\" rel=\"noreferrer noopener\">SZMSZ<\/a><br>2.sz mell\u00e9klet: <a href=\"https:\/\/drive.google.com\/file\/d\/1DbLy3J7cVYNQh75Wm22fiL6-FCTfRnl4\/view?usp=drive_link\">K\u00f6nyvt\u00e1ri m\u0171k\u00f6d\u00e9si szab\u00e1lyzat<\/a><br>3.sz mell\u00e9klet: <a href=\"https:\/\/drive.google.com\/file\/d\/1UG7tKF-M4KLg4jfWy0E_V3RYMJhrEeuw\/view?usp=drive_link\">K\u00f6nyvt\u00e1r gy\u0171jt\u0151k\u00f6ri szab\u00e1lyzata<\/a><br>4.sz mell\u00e9klet: <a href=\"https:\/\/drive.google.com\/file\/d\/1mbZ_U5PxyHcYEMQuHHX8rm4-fwK-bhov\/view?usp=drive_link\">K\u00f6nyvt\u00e1rhaszn\u00e1lati szab\u00e1lyzat<\/a><br>5.sz mell\u00e9klet: <a href=\"https:\/\/drive.google.com\/file\/d\/1lG7f6mUcW5q0CmTKq8BNV2bKKr79lZf-\/view?usp=drive_link\">Tank\u00f6nyvt\u00e1r \u00e9s tart\u00f3sk\u00f6nyvek szab\u00e1lyzata<\/a><br>6.sz mell\u00e9klet: <a href=\"https:\/\/drive.google.com\/file\/d\/161AhZiyXkcalwdKvFcTNq2D5r5kK_Yfu\/view?usp=drive_link\">B\u00e9lyegz\u0151haszn\u00e1lati szab\u00e1lyzat<\/a><br>7.sz mell\u00e9klet: <a href=\"https:\/\/drive.google.com\/file\/d\/1EZx8vG3U56jIbnSF3SXceSAuTJUW9lMw\/view?usp=drive_link\">D\u00d6K<\/a><br>8.sz mell\u00e9klet: <a href=\"https:\/\/drive.google.com\/file\/d\/1M18VLuew_7w8x1SSkYV_K7iVZi691mB6\/view?usp=drive_link\">Szaktantermi rendek<\/a><br>9.sz mell\u00e9klet: <a href=\"https:\/\/drive.google.com\/file\/d\/1JOUWSml7zpWClAiO56IrHjytB8sTQcEv\/view?usp=drive_link\">Munkak\u00f6ri le\u00edr\u00e1sok<\/a><br>10.sz mell\u00e9klet: <a href=\"https:\/\/drive.google.com\/file\/d\/1uwafl-1YonhN5VMJUAldA0pRolE_Wr29\/view?usp=drive_link\">Iratkezel\u00e9si szab\u00e1lyzat<\/a><br>11.sz mell\u00e9klet: <a href=\"https:\/\/drive.google.com\/file\/d\/19ky92D4mKu3mEJLzBMv5l8pqOMePppb9\/view?usp=drive_link\">\u00dcgyviteli szab\u00e1lyzat<\/a><br>12.sz. mell\u00e9klet: <a href=\"https:\/\/drive.google.com\/file\/d\/1AyU42KBOzF0gpjIh-IQCIKcvZ-AUx-_U\/view?usp=drive_link\">Panaszkezelesi szabalyzat<\/a><br>13.sz mell\u00e9klet: <a href=\"https:\/\/drive.google.com\/file\/d\/1GjXfsSKouH02VY5QQtFAQegxaFtH6frD\/view?usp=drive_link\">Adatkezelesi-szabalyzat<\/a><br>14.sz mell\u00e9klet: <a href=\"https:\/\/drive.google.com\/file\/d\/163OQvywfIVsc7ZMvZ3xGN1TbNmHKSKu-\/view\" data-type=\"link\" data-id=\"https:\/\/drive.google.com\/file\/d\/163OQvywfIVsc7ZMvZ3xGN1TbNmHKSKu-\/view\" target=\"_blank\" rel=\"noreferrer noopener\">Pedag\u00f3gusok teljes\u00edtm\u00e9ny\u00e9rt\u00e9kel\u00e9se<\/a><br><a href=\"https:\/\/drive.google.com\/file\/d\/1_MoAz3yVRl0qNsfKg8r628SE9U6WMBbM\/view?usp=drive_link\">Pedag\u00f3giai Program<\/a><br><a href=\"https:\/\/drive.google.com\/file\/d\/12JN5E_bTT7D5FPn_DjaGLTdbfPa3jAjP\/view?usp=sharing\" target=\"_blank\" rel=\"noreferrer noopener\">Vizsgaszab\u00e1lyzat<\/a><br><a href=\"https:\/\/drive.google.com\/file\/d\/1v1oj8nb8Xpn-k8Lx2tcMaJp0lKsaqjLm\/view\" target=\"_blank\" rel=\"noreferrer noopener\">H\u00e1zirend<\/a><\/td><\/tr><\/tbody><\/table><\/figure>\n\n\n\n<p><strong><em>3) Az iskolai k\u00f6zz\u00e9t\u00e9teli lista az (1) bekezd\u00e9sben meghat\u00e1rozottakon k\u00edv\u00fcl tartalmazza<\/em><\/strong><\/p>\n\n\n\n<figure class=\"wp-block-table\"><table class=\"has-fixed-layout\"><tbody><tr><td>a-b) a bet\u00f6lt\u00f6tt munkak\u00f6r\u00f6k alapj\u00e1n a pedag\u00f3gusok iskolai v\u00e9gzetts\u00e9g\u00e9t \u00e9s szakk\u00e9pzetts\u00e9g\u00e9t, valamint a nevel\u00e9st oktat\u00e1st k\u00f6zvetlen\u00fcl seg\u00edt\u0151k v\u00e9gzetts\u00e9ge \u00e9s szakk\u00e9pes\u00edt\u00e9se.<\/td><td><a href=\"https:\/\/drive.google.com\/file\/d\/1xafLAQ7umqLFVYhkwiiFe3SDLFuhoZXU\/view\" target=\"_blank\" rel=\"noreferrer noopener\">Bet\u00f6lt\u00f6tt munkak\u00f6r-v\u00e9gzetts\u00e9gek<\/a><\/td><\/tr><tr><td><a><\/a>c) az orsz\u00e1gos m\u00e9r\u00e9s-\u00e9rt\u00e9kel\u00e9s \u00e9venk\u00e9nti eredm\u00e9nyeit,<\/td><td><strong>1.) OKM<\/strong><br><a href=\"https:\/\/okm.kir.hu\/fit2\/Jelentes\/JelentesLetoltes?parentId=27411&amp;eljaras=8&amp;tipus=6\">2015<\/a><br><a href=\"https:\/\/okm.kir.hu\/fit2\/Jelentes\/JelentesLetoltes?parentId=30277&amp;eljaras=9&amp;tipus=6\">2016<\/a><br><a href=\"https:\/\/okm.kir.hu\/fit2\/Jelentes\/JelentesLetoltes?parentId=32911&amp;eljaras=10&amp;tipus=6\">2017<\/a><br><a href=\"https:\/\/okm.kir.hu\/fit2\/Jelentes\/JelentesLetoltes?parentId=35540&amp;eljaras=11&amp;tipus=6\">2018<\/a><br><a href=\"https:\/\/okm.kir.hu\/fit2\/Jelentes\/JelentesLetoltes?parentId=38190&amp;eljaras=12&amp;tipus=6\">2019<\/a><br>2020<br><a href=\"https:\/\/okm.kir.hu\/fit2\/Jelentes\/JelentesLetoltes?parentId=40841&amp;eljaras=14&amp;tipus=6\">2021<\/a><br><a href=\"https:\/\/okm.kir.hu\/fit2\/Jelentes\/JelentesLetoltes?parentId=7620&amp;eljaras=15&amp;tipus=6\">2022<\/a><br><a href=\"https:\/\/www.oktatas.hu\/kozneveles\/meresek\/orszagos_meresek_eredmenyei_2023\">2023<\/a> <em>Feladatell\u00e1t\u00e1si hely: 03534<\/em><br><a href=\"https:\/\/www.oktatas.hu\/kozneveles\/meresek\/orszagos_meresek_eredmenyei_2024\" target=\"_blank\" rel=\"noreferrer noopener\">2024<\/a> <em>Feladatell\u00e1t\u00e1si hely: 03534<\/em><br><br><strong>2.) Netfit<\/strong><br><a href=\"https:\/\/drive.google.com\/file\/d\/1ji504S-Oy_8KyZotuMdoHVmK4LIXATzq\/view?usp=drive_link\">2014-15<\/a><br><a href=\"https:\/\/drive.google.com\/file\/d\/1EyTWYypr6DMrA1uagt-VKd4M-f8vicv6\/view?usp=drive_link\">2015-16<\/a><br><a href=\"https:\/\/drive.google.com\/file\/d\/1f8ZTP_9Yphl2uc8OROHWj7eRXkhEHG_S\/view?usp=drive_link\">2016-17<\/a><br><a href=\"https:\/\/drive.google.com\/file\/d\/1bUgCMpv1oS8TFrmP01jZMpA9u_4fLXzN\/view?usp=drive_link\">2017-18<\/a><br><a href=\"https:\/\/drive.google.com\/file\/d\/1EbMT1eNn_6Tyoq8yOxbRWfdtAW4acPUn\/view?usp=drive_link\">2018-19<\/a><br><a href=\"https:\/\/drive.google.com\/file\/d\/14KDj8fxmy_npgS75ICOfq0tj8AWJrgVP\/view?usp=drive_link\">2019-20<\/a><br><a href=\"https:\/\/drive.google.com\/file\/d\/15Ae2WeCcpLOj-U2LKTFMXpKCFFIcE2P4\/view?usp=drive_link\">2020-21<\/a><br><a href=\"https:\/\/drive.google.com\/file\/d\/1Rscmx3HsUHJuzB4zs2WH3tkl6XfTBmSP\/view?usp=drive_link\">2021-22<\/a><br><a href=\"https:\/\/drive.google.com\/file\/d\/1AghPmrRbXgsSLEVuPPTKn-Xc4B0IL5Oo\/view?usp=drive_link\">2022-23<\/a><br><a href=\"https:\/\/drive.google.com\/file\/d\/1MlktzGshRfqsUy8zKNh29Qg10qYd5WNC\/view?usp=drive_link\">2023-24<\/a><br><a href=\"https:\/\/drive.google.com\/file\/d\/1pGhElDuVL1q8S9yYds-XyIVEwTdXTVmK\/view\" target=\"_blank\" rel=\"noreferrer noopener\">2024-25<\/a><br><br><strong>3.) Idegen nyelvi<\/strong><br><a href=\"https:\/\/drive.google.com\/file\/d\/1PoQtqog3Oc0QR70yv0xlerizh3FcUvum\/view?usp=sharing\">2015<\/a><br><a href=\"https:\/\/drive.google.com\/file\/d\/12pacGOVT1pPNgegnk9KbAYDvHEYun59Q\/view?usp=drive_link\">2016<\/a><br><a href=\"https:\/\/drive.google.com\/file\/d\/131SwgaWwl-i6Uvz1GUVGcqjSA6CCszYM\/view?usp=drive_link\">2016-17<\/a><br><a href=\"https:\/\/drive.google.com\/file\/d\/1AHHRW4detBcaLMmIwluxqq4Ikdfqq1qO\/view?usp=drive_link\">2017<\/a><br><a href=\"https:\/\/drive.google.com\/file\/d\/17vXCbtSaT0_Xm3-uM1FCPp7DWB1eDKBD\/view?usp=drive_link\">2018-19<\/a><br><a href=\"https:\/\/drive.google.com\/file\/d\/1kj1GKsZDGgKkwr_GeueI2FkWofq4Reki\/view?usp=drive_link\">2019<\/a><br><a href=\"https:\/\/okm.kir.hu\/fit2\/Jelentes\/FeladatellatasiHelyJelentes?omkod=035344&amp;fhelySorsz=2\">2020<\/a><br><a href=\"https:\/\/okm.kir.hu\/fit2\/Jelentes\/FeladatellatasiHelyJelentes?omkod=035344&amp;fhelySorsz=2\">2021<\/a><br><a href=\"https:\/\/okm.kir.hu\/fit2\/Jelentes\/FeladatellatasiHelyJelentes?omkod=035344&amp;fhelySorsz=2\">2022<\/a><br><a href=\"https:\/\/drive.google.com\/file\/d\/1yMH8fIhCgDGGSr4ZgUuk0G_NQYfqeG5e\/view?usp=drive_link\">2023<\/a><br><a href=\"https:\/\/www.oktatas.hu\/kozneveles\/meresek\/orszagos_meresek_eredmenyei_2024\" target=\"_blank\" rel=\"noreferrer noopener\">2024<\/a><br><a href=\"https:\/\/www.oktatas.hu\/kozneveles\/meresek\/orszagos_meresek_eredmenyei_2025\" target=\"_blank\" rel=\"noreferrer noopener\">2025<\/a><\/td><\/tr><tr><td>d) a tanul\u00f3k le- \u00e9s kimarad\u00e1s\u00e1val, \u00e9vfolyamism\u00e9tl\u00e9s\u00e9vel kapcsolatos adatokat,<\/td><td><a href=\"https:\/\/drive.google.com\/file\/d\/1DfU4BKe3rbxX_uIGEn45jDM0N5GcSM8P\/view\" target=\"_blank\" rel=\"noreferrer noopener\">A tanul\u00f3k le- \u00e9s kimarad\u00e1s\u00e1val, \u00e9vfolyamism\u00e9tl\u00e9s\u00e9vel kapcsolatos adatokat<\/a><br><\/td><\/tr><tr><td>e) k\u00f6z\u00e9piskol\u00e1kban \u2013 \u00e9venk\u00e9nt felt\u00fcntetve \u2013 az \u00e9retts\u00e9gi vizsg\u00e1k \u00e1tlageredm\u00e9nyeit,<\/td><td><strong>\u00c9retts\u00e9gi vizsgaeredm\u00e9nyek:<\/strong><br><a href=\"https:\/\/dari.oktatas.hu\/kirlist.show\/erettsegi\/035344\/002\/2020\">2020<\/a><br><a href=\"https:\/\/dari.oktatas.hu\/kirlist.show\/erettsegi\/035344\/002\/2021\">2021<\/a><br><a href=\"https:\/\/dari.oktatas.hu\/kirlist.show\/erettsegi\/035344\/002\/2022\">2022<\/a><br><a href=\"https:\/\/dari.oktatas.hu\/kirlist.show\/erettsegi\/035344\/002\/2023\">2023<\/a><br><a href=\"https:\/\/dari.oktatas.hu\/kirlist.show\/erettsegi\/035344\/002\/2024\">2024<\/a><br><a href=\"https:\/\/kir.oktatas.hu\/kirlist.show\/erettsegi\/035344\/002\/2025\" target=\"_blank\" rel=\"noreferrer noopener\">2025<\/a><\/td><\/tr><tr><td>f) a tan\u00f3r\u00e1n k\u00edv\u00fcli egy\u00e9b foglalkoz\u00e1sok ig\u00e9nybev\u00e9tel\u00e9nek lehet\u0151s\u00e9g\u00e9t,<\/td><td><a href=\"https:\/\/drive.google.com\/file\/d\/1rBTk4KP6uLmUNtbrYz5Bx7OAgtKAyJ2t\/view\" data-type=\"link\" data-id=\"https:\/\/drive.google.com\/file\/d\/1rBTk4KP6uLmUNtbrYz5Bx7OAgtKAyJ2t\/view?usp=drive_open\" target=\"_blank\" rel=\"noreferrer noopener\">Tan\u00f3r\u00e1n k\u00edv\u00fcli foglalkoz\u00e1sok<\/a><\/td><\/tr><tr><td>g) a h\u00e9tv\u00e9gi h\u00e1zi feladatok \u00e9s az iskolai dolgozatok szab\u00e1lyait,<\/td><td><a href=\"https:\/\/drive.google.com\/file\/d\/1Xs9yi2-IcXCaEOpNyuPB_e8OUe49k03L\/view?usp=drive_link\">A h\u00e9tv\u00e9gi h\u00e1zi feladatok \u00e9s az iskolai dolgozatok szab\u00e1lyai:<\/a><br><\/td><\/tr><tr><td>h-i) az oszt\u00e1lyoz\u00f3 vizsga tant\u00e1rgyank\u00e9nti, \u00e9vfolyamonk\u00e9nti k\u00f6vetelm\u00e9nyeit, a tanulm\u00e1nyok alatti vizsg\u00e1k tervezett idej\u00e9t,<\/td><td><a href=\"https:\/\/drive.google.com\/file\/d\/17VKdjA4qHttgOMcvc8KJBkt26laziCpS\/view\" target=\"_blank\" rel=\"noreferrer noopener\">Az oszt\u00e1lyoz\u00f3 vizsga tant\u00e1rgyank\u00e9nti, \u00e9vfolyamonk\u00e9nti k\u00f6vetelm\u00e9nyei, a tanulm\u00e1nyok alatti vizsg\u00e1k tervezett ideje<\/a><br><\/td><\/tr><tr><td>j) az iskolai oszt\u00e1lyok sz\u00e1m\u00e1t \u00e9s az egyes oszt\u00e1lyokban a tanul\u00f3k l\u00e9tsz\u00e1m\u00e1t.<\/td><td><a href=\"https:\/\/drive.google.com\/file\/d\/1opd1iihc8RvFm8_ZJ2YEqA2iM4VHpOvN\/view\" target=\"_blank\" rel=\"noreferrer noopener\">Gimn\u00e1ziumi oszt\u00e1lyok sz\u00e1ma \u00e9s l\u00e9tsz\u00e1mok<\/a><br><\/td><\/tr><\/tbody><\/table><\/figure>\n\n\n\n<p><\/p>\n","protected":false},"excerpt":{"rendered":"<p>KIR&nbsp;k\u00f6zz\u00e9t\u00e9teli lista:&nbsp;Itt \u00e9rhet\u0151 el A Budapest I. Ker\u00fcleti Kosztol\u00e1nyi Dezs\u0151 Gimn\u00e1zium K\u00f6zz\u00e9t\u00e9teli List\u00e1jaK\u00e9sz\u00fclt a 229\/2012. (VIII. 28.) Korm. rendelet a nemzeti k\u00f6znevel\u00e9sr\u0151l sz\u00f3l\u00f3 t\u00f6rv\u00e9ny v\u00e9grehajt\u00e1s\u00e1r\u00f3l 23. \u00a7 (1) \u00e9s (3) bekezd\u00e9se el\u0151\u00edr\u00e1sai alapj\u00e1n 1.a) a felv\u00e9teli lehet\u0151s\u00e9gr\u0151l sz\u00f3l\u00f3 t\u00e1j\u00e9koztat\u00f3: Beiskol\u00e1z\u00e1si <a href=\"https:\/\/kosztolanyigimnazium.hu\/?page_id=4921\" class=\"read-more\">Olvass tov\u00e1bb&#8230;<\/a><\/p>\n","protected":false},"author":273,"featured_media":0,"parent":0,"menu_order":0,"comment_status":"closed","ping_status":"closed","template":"","meta":{"footnotes":""},"class_list":["post-4921","page","type-page","status-publish","hentry"],"_links":{"self":[{"href":"https:\/\/kosztolanyigimnazium.hu\/index.php?rest_route=\/wp\/v2\/pages\/4921","targetHints":{"allow":["GET"]}}],"collection":[{"href":"https:\/\/kosztolanyigimnazium.hu\/index.php?rest_route=\/wp\/v2\/pages"}],"about":[{"href":"https:\/\/kosztolanyigimnazium.hu\/index.php?rest_route=\/wp\/v2\/types\/page"}],"author":[{"embeddable":true,"href":"https:\/\/kosztolanyigimnazium.hu\/index.php?rest_route=\/wp\/v2\/users\/273"}],"replies":[{"embeddable":true,"href":"https:\/\/kosztolanyigimnazium.hu\/index.php?rest_route=%2Fwp%2Fv2%2Fcomments&post=4921"}],"version-history":[{"count":54,"href":"https:\/\/kosztolanyigimnazium.hu\/index.php?rest_route=\/wp\/v2\/pages\/4921\/revisions"}],"predecessor-version":[{"id":5362,"href":"https:\/\/kosztolanyigimnazium.hu\/index.php?rest_route=\/wp\/v2\/pages\/4921\/revisions\/5362"}],"wp:attachment":[{"href":"https:\/\/kosztolanyigimnazium.hu\/index.php?rest_route=%2Fwp%2Fv2%2Fmedia&parent=4921"}],"curies":[{"name":"wp","href":"https:\/\/api.w.org\/{rel}","templated":true}]}}